{"id":37,"date":"2018-07-18T11:55:09","date_gmt":"2018-07-18T11:55:09","guid":{"rendered":"https:\/\/demo.afthemes.com\/storymag-pro\/?page_id=37"},"modified":"2026-08-17T17:01:22","modified_gmt":"2026-08-17T23:01:22","slug":"home","status":"publish","type":"page","link":"https:\/\/reporterosdelsur.org\/diario\/","title":{"rendered":"Portada:"},"content":{"rendered":"\n<figure class=\"wp-block-image aligncenter size-large\"><a href=\"https:\/\/www.instagram.com\/p\/Db_leLBicfI\/\"><img loading=\"lazy\" decoding=\"async\" width=\"1024\" height=\"171\" src=\"https:\/\/reporterosdelsur.org\/diario\/wp-content\/uploads\/2026\/08\/911-2026-1200-X-200-PX-1024x171.jpg\" alt=\"\" class=\"wp-image-57357\" srcset=\"https:\/\/reporterosdelsur.org\/diario\/wp-content\/uploads\/2026\/08\/911-2026-1200-X-200-PX-1024x171.jpg 1024w, https:\/\/reporterosdelsur.org\/diario\/wp-content\/uploads\/2026\/08\/911-2026-1200-X-200-PX-300x50.jpg 300w, https:\/\/reporterosdelsur.org\/diario\/wp-content\/uploads\/2026\/08\/911-2026-1200-X-200-PX-768x128.jpg 768w, https:\/\/reporterosdelsur.org\/diario\/wp-content\/uploads\/2026\/08\/911-2026-1200-X-200-PX-465x78.jpg 465w, https:\/\/reporterosdelsur.org\/diario\/wp-content\/uploads\/2026\/08\/911-2026-1200-X-200-PX-695x116.jpg 695w, https:\/\/reporterosdelsur.org\/diario\/wp-content\/uploads\/2026\/08\/911-2026-1200-X-200-PX.jpg 1200w\" sizes=\"auto, (max-width: 1024px) 100vw, 1024px\" \/><\/a><\/figure>\n\n\n\n<hr class=\"wp-block-separator has-alpha-channel-opacity is-style-wide\" style=\"margin-top:var(--wp--preset--spacing--20);margin-bottom:var(--wp--preset--spacing--20)\"\/>\n\n\n\n<div class=\"wp-block-columns alignwide is-layout-flex wp-container-core-columns-is-layout-7387b849 wp-block-columns-is-layout-flex\">\n<div class=\"wp-block-column is-layout-flow wp-block-column-is-layout-flow\"><div  class=\"wp-block-ultimate-post-post-slider-1 ultp-block-a9f99d aligncenter\"><div class=\"ultp-block-wrapper\"><div class=\"ultp-block-items-wrap\" data-arrows=\"1\" data-dots=\"1\" data-autoplay=\"1\" data-slidespeed=\"3000\" data-fade=\"1\" data-slidelg=\"1\" data-slidesm=\"1\" data-slidexs=\"1\"><div class=\"ultp-block-item post-id-59033\"><div><div class=\"ultp-block-slider-wrap\"><div class=\"ultp-block-image-inner\"><div class=\"ultp-block-image  ultp-block-image-overlay ultp-block-image-simgleGradient ultp-block-image-simgleGradient0\"><a href=\"https:\/\/reporterosdelsur.org\/diario\/2026\/09\/entregan-autobus-al-tecnologico-superior-de-los-rios-para-fortalecer-la-movilidad-estudiantil\/\" ><img decoding=\"async\"  alt=\"Entregan autob\u00fas al Tecnol\u00f3gico Superior de Los R\u00edos para fortalecer la movilidad estudiantil\"  src=\"https:\/\/reporterosdelsur.org\/diario\/wp-content\/uploads\/2026\/09\/Rios-1.jpeg\" \/><\/a><\/div><\/div><div class=\"ultp-block-content ultp-block-content-middlePosition ultp-block-content-centerPosition\"><div class=\"ultp-block-content-inner\"><h1 class=\"ultp-block-title \"><a href=\"https:\/\/reporterosdelsur.org\/diario\/2026\/09\/entregan-autobus-al-tecnologico-superior-de-los-rios-para-fortalecer-la-movilidad-estudiantil\/\" >Entregan autob\u00fas al Tecnol\u00f3gico Superior de Los R\u00edos para fortalecer la movilidad estudiantil<\/a><\/h1><\/div><\/div><\/div><\/div><\/div><div class=\"ultp-block-item post-id-59024\"><div><div class=\"ultp-block-slider-wrap\"><div class=\"ultp-block-image-inner\"><div class=\"ultp-block-image  ultp-block-image-overlay ultp-block-image-simgleGradient ultp-block-image-simgleGradient0\"><a href=\"https:\/\/reporterosdelsur.org\/diario\/2026\/09\/tabasco-se-consolida-como-foro-petrolero-internacional-con-la-convencion-sos26\/\" ><img decoding=\"async\"  alt=\"Tabasco se consolida como foro petrolero internacional con la Convenci\u00f3n SOS26\"  src=\"https:\/\/reporterosdelsur.org\/diario\/wp-content\/uploads\/2026\/09\/Sos-5.jpeg\" \/><\/a><\/div><\/div><div class=\"ultp-block-content ultp-block-content-middlePosition ultp-block-content-centerPosition\"><div class=\"ultp-block-content-inner\"><h1 class=\"ultp-block-title \"><a href=\"https:\/\/reporterosdelsur.org\/diario\/2026\/09\/tabasco-se-consolida-como-foro-petrolero-internacional-con-la-convencion-sos26\/\" >Tabasco se consolida como foro petrolero internacional con la Convenci\u00f3n SOS26<\/a><\/h1><\/div><\/div><\/div><\/div><\/div><div class=\"ultp-block-item post-id-58999\"><div><div class=\"ultp-block-slider-wrap\"><div class=\"ultp-block-image-inner\"><div class=\"ultp-block-image  ultp-block-image-overlay ultp-block-image-simgleGradient ultp-block-image-simgleGradient0\"><a href=\"https:\/\/reporterosdelsur.org\/diario\/2026\/09\/andres-granier-revela-que-la-hermandad-policiaca-de-manuel-andrade-lo-amenazo-con-no-dejarlo-asumir-la-gubernatura\/\" ><img decoding=\"async\"  alt=\"Andr\u00e9s Granier revela que la &#8220;hermandad policiaca&#8221; de Manuel Andrade, lo amenaz\u00f3 con no dejarlo&hellip;\"  src=\"https:\/\/reporterosdelsur.org\/diario\/wp-content\/uploads\/2026\/09\/PILLOS.jpeg\" \/><\/a><\/div><\/div><div class=\"ultp-block-content ultp-block-content-middlePosition ultp-block-content-centerPosition\"><div class=\"ultp-block-content-inner\"><h1 class=\"ultp-block-title \"><a href=\"https:\/\/reporterosdelsur.org\/diario\/2026\/09\/andres-granier-revela-que-la-hermandad-policiaca-de-manuel-andrade-lo-amenazo-con-no-dejarlo-asumir-la-gubernatura\/\" >Andr\u00e9s Granier revela que la &#8220;hermandad policiaca&#8221; de Manuel Andrade, lo amenaz\u00f3 con no dejarlo&hellip;<\/a><\/h1><\/div><\/div><\/div><\/div><\/div><div class=\"ultp-block-item post-id-58915\"><div><div class=\"ultp-block-slider-wrap\"><div class=\"ultp-block-image-inner\"><div class=\"ultp-block-image  ultp-block-image-overlay ultp-block-image-simgleGradient ultp-block-image-simgleGradient0\"><a href=\"https:\/\/reporterosdelsur.org\/diario\/2026\/09\/entregan-mil-317-medios-de-cobro-de-jovenes-construyendo-el-futuro-en-tabasco\/\" ><img decoding=\"async\"  alt=\"Javier May entrega mil 317 medios de cobro de J\u00f3venes Construyendo el Futuro en Tabasco&#8230;\"  src=\"https:\/\/reporterosdelsur.org\/diario\/wp-content\/uploads\/2026\/09\/Jov-const-6.jpeg\" \/><\/a><\/div><\/div><div class=\"ultp-block-content ultp-block-content-middlePosition ultp-block-content-centerPosition\"><div class=\"ultp-block-content-inner\"><h1 class=\"ultp-block-title \"><a href=\"https:\/\/reporterosdelsur.org\/diario\/2026\/09\/entregan-mil-317-medios-de-cobro-de-jovenes-construyendo-el-futuro-en-tabasco\/\" >Javier May entrega mil 317 medios de cobro de J\u00f3venes Construyendo el Futuro en Tabasco&#8230;<\/a><\/h1><\/div><\/div><\/div><\/div><\/div><div class=\"ultp-block-item post-id-58898\"><div><div class=\"ultp-block-slider-wrap\"><div class=\"ultp-block-image-inner\"><div class=\"ultp-block-image  ultp-block-image-overlay ultp-block-image-simgleGradient ultp-block-image-simgleGradient0\"><a href=\"https:\/\/reporterosdelsur.org\/diario\/2026\/09\/tabasco-fortalece-prevencion-de-desastres-con-ciencia-y-tecnologia-durante-ci-red-2026\/\" ><img decoding=\"async\"  alt=\"Tabasco fortalece prevenci\u00f3n de desastres con ciencia y tecnolog\u00eda durante CI-RED 2026&#8230;\"  src=\"https:\/\/reporterosdelsur.org\/diario\/wp-content\/uploads\/2026\/09\/Congreso-1.jpeg\" \/><\/a><\/div><\/div><div class=\"ultp-block-content ultp-block-content-middlePosition ultp-block-content-centerPosition\"><div class=\"ultp-block-content-inner\"><h1 class=\"ultp-block-title \"><a href=\"https:\/\/reporterosdelsur.org\/diario\/2026\/09\/tabasco-fortalece-prevencion-de-desastres-con-ciencia-y-tecnologia-durante-ci-red-2026\/\" >Tabasco fortalece prevenci\u00f3n de desastres con ciencia y tecnolog\u00eda durante CI-RED 2026&#8230;<\/a><\/h1><\/div><\/div><\/div><\/div><\/div><div class=\"ultp-block-item post-id-58922\"><div><div class=\"ultp-block-slider-wrap\"><div class=\"ultp-block-image-inner\"><div class=\"ultp-block-image  ultp-block-image-overlay ultp-block-image-simgleGradient ultp-block-image-simgleGradient0\"><a href=\"https:\/\/reporterosdelsur.org\/diario\/2026\/09\/habra-cierres-viales-este-domingo-por-letape-by-tour-de-france-en-tabasco\/\" ><img decoding=\"async\"  alt=\"Habr\u00e1 cierres viales este domingo por L\u2019\u00c9tape by Tour de France en Tabasco\"  src=\"https:\/\/reporterosdelsur.org\/diario\/wp-content\/uploads\/2026\/09\/Depor-1.jpeg\" \/><\/a><\/div><\/div><div class=\"ultp-block-content ultp-block-content-middlePosition ultp-block-content-centerPosition\"><div class=\"ultp-block-content-inner\"><h1 class=\"ultp-block-title \"><a href=\"https:\/\/reporterosdelsur.org\/diario\/2026\/09\/habra-cierres-viales-este-domingo-por-letape-by-tour-de-france-en-tabasco\/\" >Habr\u00e1 cierres viales este domingo por L\u2019\u00c9tape by Tour de France en Tabasco<\/a><\/h1><\/div><\/div><\/div><\/div><\/div><div class=\"ultp-block-item post-id-58958\"><div><div class=\"ultp-block-slider-wrap\"><div class=\"ultp-block-image-inner\"><div class=\"ultp-block-image  ultp-block-image-overlay ultp-block-image-simgleGradient ultp-block-image-simgleGradient0\"><a href=\"https:\/\/reporterosdelsur.org\/diario\/2026\/09\/detienen-a-dos-hombres-por-presunto-abigeato-en-macuspana\/\" ><img decoding=\"async\"  alt=\"Detienen a dos hombres por presunto abigeato en Macuspana\"  src=\"https:\/\/reporterosdelsur.org\/diario\/wp-content\/uploads\/2026\/09\/Macuspana.jpg\" \/><\/a><\/div><\/div><div class=\"ultp-block-content ultp-block-content-middlePosition ultp-block-content-centerPosition\"><div class=\"ultp-block-content-inner\"><h1 class=\"ultp-block-title \"><a href=\"https:\/\/reporterosdelsur.org\/diario\/2026\/09\/detienen-a-dos-hombres-por-presunto-abigeato-en-macuspana\/\" >Detienen a dos hombres por presunto abigeato en Macuspana<\/a><\/h1><\/div><\/div><\/div><\/div><\/div><div class=\"ultp-block-item post-id-58838\"><div><div class=\"ultp-block-slider-wrap\"><div class=\"ultp-block-image-inner\"><div class=\"ultp-block-image  ultp-block-image-overlay ultp-block-image-simgleGradient ultp-block-image-simgleGradient0\"><a href=\"https:\/\/reporterosdelsur.org\/diario\/2026\/09\/entregan-autobuses-a-estudiantes-de-la-upgm-y-el-itsc-para-fortalecer-su-formacion-profesional\/\" ><img decoding=\"async\"  alt=\"JMR entrega autobuses a estudiantes de la Universidad Polit\u00e9cnica del Golfo y Tecnol\u00f3gico de Comalcalco&#8230;\"  src=\"https:\/\/reporterosdelsur.org\/diario\/wp-content\/uploads\/2026\/09\/Uni-7.jpeg\" \/><\/a><\/div><\/div><div class=\"ultp-block-content ultp-block-content-middlePosition ultp-block-content-centerPosition\"><div class=\"ultp-block-content-inner\"><h1 class=\"ultp-block-title \"><a href=\"https:\/\/reporterosdelsur.org\/diario\/2026\/09\/entregan-autobuses-a-estudiantes-de-la-upgm-y-el-itsc-para-fortalecer-su-formacion-profesional\/\" >JMR entrega autobuses a estudiantes de la Universidad Polit\u00e9cnica del Golfo y Tecnol\u00f3gico de Comalcalco&#8230;<\/a><\/h1><\/div><\/div><\/div><\/div><\/div><\/div><div class=\"ultp-slick-nav\" style=\"display:none\"><div class=\"ultp-slick-prev\"><div class=\"slick-arrow slick-prev\"><svg xmlns=\"http:\/\/www.w3.org\/2000\/svg\" fill=\"none\" viewBox=\"0 0 24 24\">\n  <path stroke=\"currentColor\" stroke-linecap=\"round\" stroke-linejoin=\"round\" stroke-width=\"1.5\" d=\"m15 18-6-6 6-6\"\/>\n<\/svg>\n<\/div><\/div><div class=\"ultp-slick-next\"><div class=\"slick-arrow slick-next\"><svg xmlns=\"http:\/\/www.w3.org\/2000\/svg\" fill=\"none\" viewBox=\"0 0 24 24\">\n  <path stroke=\"currentColor\" stroke-linecap=\"round\" stroke-linejoin=\"round\" stroke-width=\"1.5\" d=\"m9 18 6-6-6-6\"\/>\n<\/svg>\n<\/div><\/div><\/div><\/div><\/div>\n\n\n<figure class=\"wp-block-image size-full\"><a href=\"https:\/\/www.bing.com\/ck\/a?!&amp;&amp;p=4ca113795b7b9f2a5bde3c3b5e7305d0d48749dc72c280a7088848b80cd06e82JmltdHM9MTc4NjQwNjQwMA&amp;ptn=3&amp;ver=2&amp;hsh=4&amp;fclid=07dc37d0-6f61-6234-2c96-211f6e2263db&amp;u=a1aHR0cHM6Ly90YWJhc2NvLmdvYi5teC8\"><img loading=\"lazy\" decoding=\"async\" width=\"2560\" height=\"427\" src=\"https:\/\/reporterosdelsur.org\/diario\/wp-content\/uploads\/2026\/08\/banners_LVR_obras_1200x200-scaled.png\" alt=\"\" class=\"wp-image-56850\" srcset=\"https:\/\/reporterosdelsur.org\/diario\/wp-content\/uploads\/2026\/08\/banners_LVR_obras_1200x200-scaled.png 2560w, https:\/\/reporterosdelsur.org\/diario\/wp-content\/uploads\/2026\/08\/banners_LVR_obras_1200x200-300x50.png 300w, https:\/\/reporterosdelsur.org\/diario\/wp-content\/uploads\/2026\/08\/banners_LVR_obras_1200x200-1024x171.png 1024w, https:\/\/reporterosdelsur.org\/diario\/wp-content\/uploads\/2026\/08\/banners_LVR_obras_1200x200-768x128.png 768w, https:\/\/reporterosdelsur.org\/diario\/wp-content\/uploads\/2026\/08\/banners_LVR_obras_1200x200-1536x256.png 1536w, https:\/\/reporterosdelsur.org\/diario\/wp-content\/uploads\/2026\/08\/banners_LVR_obras_1200x200-2048x342.png 2048w, https:\/\/reporterosdelsur.org\/diario\/wp-content\/uploads\/2026\/08\/banners_LVR_obras_1200x200-465x78.png 465w, https:\/\/reporterosdelsur.org\/diario\/wp-content\/uploads\/2026\/08\/banners_LVR_obras_1200x200-695x116.png 695w\" sizes=\"auto, (max-width: 2560px) 100vw, 2560px\" \/><\/a><\/figure>\n\n\n\n<figure class=\"wp-block-image aligncenter size-full\"><img loading=\"lazy\" decoding=\"async\" width=\"1200\" height=\"200\" src=\"https:\/\/reporterosdelsur.org\/diario\/wp-content\/uploads\/2026\/08\/1200x200-01.png\" alt=\"\" class=\"wp-image-57013\" srcset=\"https:\/\/reporterosdelsur.org\/diario\/wp-content\/uploads\/2026\/08\/1200x200-01.png 1200w, https:\/\/reporterosdelsur.org\/diario\/wp-content\/uploads\/2026\/08\/1200x200-01-300x50.png 300w, https:\/\/reporterosdelsur.org\/diario\/wp-content\/uploads\/2026\/08\/1200x200-01-1024x171.png 1024w, https:\/\/reporterosdelsur.org\/diario\/wp-content\/uploads\/2026\/08\/1200x200-01-768x128.png 768w, https:\/\/reporterosdelsur.org\/diario\/wp-content\/uploads\/2026\/08\/1200x200-01-465x78.png 465w, https:\/\/reporterosdelsur.org\/diario\/wp-content\/uploads\/2026\/08\/1200x200-01-695x116.png 695w\" sizes=\"auto, (max-width: 1200px) 100vw, 1200px\" \/><\/figure>\n\n\n\n<div class=\"wp-block-columns is-layout-flex wp-container-core-columns-is-layout-7387b849 wp-block-columns-is-layout-flex\">\n<div class=\"wp-block-column is-layout-flow wp-block-column-is-layout-flow\"><\/div>\n<\/div>\n\n\n\n<div class=\"wp-block-ultimate-post-post-grid-parent ultp-post-grid-parent\" data-grids=\"[{&quot;blockId&quot;:&quot;b2b570&quot;,&quot;name&quot;:&quot;ultimate-post_post-list-1&quot;},{&quot;blockId&quot;:&quot;f717a3&quot;,&quot;name&quot;:&quot;ultimate-post_post-list-1&quot;}]\" data-pagi=\"[]\">\n<div class=\"wp-block-columns is-layout-flex wp-container-core-columns-is-layout-7387b849 wp-block-columns-is-layout-flex\">\n<div class=\"wp-block-column is-layout-flow wp-block-column-is-layout-flow\" style=\"flex-basis:50%\"><div id=\"TITULARPRINCIPAL\"  class=\"ultp-post-grid-block wp-block-ultimate-post-post-list-1 ultp-block-b2b570  \"><div class=\"ultp-block-wrapper\" ><div class=\"ultp-loading\"><div class=\"ultp-loading-blocks\" style=\"width:100%;height:100%;\"><div style=\"left: 0;top: 0;animation-delay:0s;\"><\/div><div style=\"left: 21px;top: 0;animation-delay:0.125s;\"><\/div><div style=\"left: 42px;top: 0;animation-delay:0.25s;\"><\/div><div style=\"left: 0;top: 21px;animation-delay:0.875s;\"><\/div><div style=\"left: 42px;top: 21px;animation-delay:0.375s;\"><\/div><div style=\"left: 0;top: 42px;animation-delay:0.75s;\"><\/div><div style=\"left: 42px;top: 42px;animation-delay:0.625s;\"><\/div><div style=\"left: 21px;top: 42px;animation-delay:0.5s;\"><\/div><\/div><\/div><div class=\"ultp-block-items-wrap ultp-block-row ultp-block-column-1 ultp-pl1a-style1 ultp-post-list1-layout1\"><div class=\"ultp-block-item post-id-59040\"><div class=\"ultp-block-content-wrap\"><div class=\"ultp-block-entry-content\"><div class=\"ultp-block-entry-heading\"><div class=\"ultp-category-grid ultp-category-classic ultp-category-aboveTitle\"><div class=\"ultp-category-in\"><a class=\"ultp-cat-tabasco\" href=\"https:\/\/reporterosdelsur.org\/diario\/category\/tabasco\/\"  target=\"_blank\">Tabasco<\/a><\/div><\/div><h1 class=\"ultp-block-title \"><a href=\"https:\/\/reporterosdelsur.org\/diario\/2026\/09\/fget-obtiene-cuatro-sentencias-condenatorias-por-violacion-pederastia-y-homicidio-en-tabasco\/\" target=\"_blank\">FGET obtiene cuatro sentencias condenatorias por violaci\u00f3n, pederastia y homicidio en Tabasco<\/a><\/h1><div class=\"ultp-block-meta ultp-block-meta- ultp-block-meta-icon\"><span class=\"ultp-block-date ultp-block-meta-element\"><svg xmlns=\"http:\/\/www.w3.org\/2000\/svg\" fill=\"none\" viewBox=\"0 0 24 24\">\n  <path stroke=\"currentColor\" stroke-linecap=\"round\" stroke-linejoin=\"round\" stroke-width=\"1.5\" d=\"M3 5.5a2 2 0 0 1 2-2h14a2 2 0 0 1 2 2v14a2 2 0 0 1-2 2H5a2 2 0 0 1-2-2v-14ZM8 2v3m8-3v3M3 9h18\"\/>\n<\/svg>\nSep 4, 2026<\/span><\/div><\/div><div class=\"ultp-block-image ultp-block-image-none\"><a href=\"https:\/\/reporterosdelsur.org\/diario\/2026\/09\/fget-obtiene-cuatro-sentencias-condenatorias-por-violacion-pederastia-y-homicidio-en-tabasco\/\" target=\"_blank\"><img decoding=\"async\"  alt=\"FGET obtiene cuatro sentencias condenatorias por violaci\u00f3n, pederastia y homicidio en Tabasco\"  src=\"https:\/\/reporterosdelsur.org\/diario\/wp-content\/uploads\/2026\/09\/FGE-4-1024x1024.jpeg\" \/><\/a><\/div><\/div><div class=\"ultp-block-content\"><div class=\"ultp-block-excerpt\"><p>Las resoluciones judiciales corresponden a hechos ocurridos en Centla, Para\u00edso y C\u00e1rdenas; las penas alcanzan hasta 13 a\u00f1os y 4 meses de prisi\u00f3n. VILLAHERMOSA, TAB.\u2014 La Fiscal\u00eda General del Estado de Tabasco (FGET) obtuvo de la autoridad judicial cuatro sentencias&hellip;<\/p>\n<\/div><\/div><\/div><\/div><\/div><\/div><div class=\"pagination-block-html\" aria-hidden=\"true\" style=\"display: none;\"><\/div><\/div><\/div>\n\n\n\n<div class=\"wp-block-column is-layout-flow wp-block-column-is-layout-flow\" style=\"flex-basis:50%\"><div  class=\"ultp-post-grid-block wp-block-ultimate-post-post-list-1 ultp-block-f717a3  \"><div class=\"ultp-block-wrapper\" ><div class=\"ultp-loading\"><div class=\"ultp-loading-blocks\" style=\"width:100%;height:100%;\"><div style=\"left: 0;top: 0;animation-delay:0s;\"><\/div><div style=\"left: 21px;top: 0;animation-delay:0.125s;\"><\/div><div style=\"left: 42px;top: 0;animation-delay:0.25s;\"><\/div><div style=\"left: 0;top: 21px;animation-delay:0.875s;\"><\/div><div style=\"left: 42px;top: 21px;animation-delay:0.375s;\"><\/div><div style=\"left: 0;top: 42px;animation-delay:0.75s;\"><\/div><div style=\"left: 42px;top: 42px;animation-delay:0.625s;\"><\/div><div style=\"left: 21px;top: 42px;animation-delay:0.5s;\"><\/div><\/div><\/div><div class=\"ultp-block-items-wrap ultp-block-row ultp-block-column-2 ultp-pl1a-style1 ultp-post-list1-layout1\"><div class=\"ultp-block-item post-id-58999\"><div class=\"ultp-block-content-wrap\"><div class=\"ultp-block-entry-content\"><div class=\"ultp-block-entry-heading\"><div class=\"ultp-category-grid ultp-category-classic ultp-category-aboveTitle\"><div class=\"ultp-category-in\"><a class=\"ultp-cat-destacado\" href=\"https:\/\/reporterosdelsur.org\/diario\/category\/destacado\/\"  target=\"_blank\">Destacado<\/a><a class=\"ultp-cat-tabasco\" href=\"https:\/\/reporterosdelsur.org\/diario\/category\/tabasco\/\"  target=\"_blank\">Tabasco<\/a><\/div><\/div><h3 class=\"ultp-block-title \"><a href=\"https:\/\/reporterosdelsur.org\/diario\/2026\/09\/andres-granier-revela-que-la-hermandad-policiaca-de-manuel-andrade-lo-amenazo-con-no-dejarlo-asumir-la-gubernatura\/\" target=\"_blank\">Andr\u00e9s Granier revela que la &#8220;hermandad policiaca&#8221; de Manuel Andrade, lo amenaz\u00f3 con no dejarlo asumir la gubernatura&#8230;<\/a><\/h3><div class=\"ultp-block-meta ultp-block-meta- ultp-block-meta-icon\"><span class=\"ultp-block-date ultp-block-meta-element\"><svg xmlns=\"http:\/\/www.w3.org\/2000\/svg\" fill=\"none\" viewBox=\"0 0 24 24\">\n  <path stroke=\"currentColor\" stroke-linecap=\"round\" stroke-linejoin=\"round\" stroke-width=\"1.5\" d=\"M3 5.5a2 2 0 0 1 2-2h14a2 2 0 0 1 2 2v14a2 2 0 0 1-2 2H5a2 2 0 0 1-2-2v-14ZM8 2v3m8-3v3M3 9h18\"\/>\n<\/svg>\nSep 4, 2026<\/span><\/div><\/div><div class=\"ultp-block-image ultp-block-image-none\"><a href=\"https:\/\/reporterosdelsur.org\/diario\/2026\/09\/andres-granier-revela-que-la-hermandad-policiaca-de-manuel-andrade-lo-amenazo-con-no-dejarlo-asumir-la-gubernatura\/\" target=\"_blank\"><img decoding=\"async\"  alt=\"Andr\u00e9s Granier revela que la &#8220;hermandad policiaca&#8221; de Manuel Andrade, lo amenaz\u00f3 con no dejarlo asumir la gubernatura&#8230;\"  src=\"https:\/\/reporterosdelsur.org\/diario\/wp-content\/uploads\/2026\/09\/PILLOS-706x425.jpeg\" \/><\/a><\/div><\/div><div class=\"ultp-block-content\"><div class=\"ultp-block-excerpt\"><p>REPORTEROS DEL SUR A 20 a\u00f1os de distancia, el ex gobernador Andr\u00e9s Granier Melo revela que el grupo criminal la&hellip;<\/p>\n<\/div><\/div><\/div><\/div><div class=\"ultp-block-item post-id-58995\"><div class=\"ultp-block-content-wrap\"><div class=\"ultp-block-entry-content\"><div class=\"ultp-block-entry-heading\"><div class=\"ultp-category-grid ultp-category-classic ultp-category-aboveTitle\"><div class=\"ultp-category-in\"><a class=\"ultp-cat-tabasco\" href=\"https:\/\/reporterosdelsur.org\/diario\/category\/tabasco\/\"  target=\"_blank\">Tabasco<\/a><\/div><\/div><h3 class=\"ultp-block-title \"><a href=\"https:\/\/reporterosdelsur.org\/diario\/2026\/09\/lluvias-intensas-y-temperaturas-de-hasta-40-c-se-esperan-este-viernes-en-tabasco\/\" target=\"_blank\">Lluvias intensas y temperaturas de hasta 40 \u00b0C se esperan este viernes en Tabasco<\/a><\/h3><div class=\"ultp-block-meta ultp-block-meta- ultp-block-meta-icon\"><span class=\"ultp-block-date ultp-block-meta-element\"><svg xmlns=\"http:\/\/www.w3.org\/2000\/svg\" fill=\"none\" viewBox=\"0 0 24 24\">\n  <path stroke=\"currentColor\" stroke-linecap=\"round\" stroke-linejoin=\"round\" stroke-width=\"1.5\" d=\"M3 5.5a2 2 0 0 1 2-2h14a2 2 0 0 1 2 2v14a2 2 0 0 1-2 2H5a2 2 0 0 1-2-2v-14ZM8 2v3m8-3v3M3 9h18\"\/>\n<\/svg>\nSep 4, 2026<\/span><\/div><\/div><div class=\"ultp-block-image ultp-block-image-none\"><a href=\"https:\/\/reporterosdelsur.org\/diario\/2026\/09\/lluvias-intensas-y-temperaturas-de-hasta-40-c-se-esperan-este-viernes-en-tabasco\/\" target=\"_blank\"><img decoding=\"async\"  alt=\"Lluvias intensas y temperaturas de hasta 40 \u00b0C se esperan este viernes en Tabasco\"  src=\"https:\/\/reporterosdelsur.org\/diario\/wp-content\/uploads\/2026\/09\/Clima-3-1035x425.jpg\" \/><\/a><\/div><\/div><div class=\"ultp-block-content\"><div class=\"ultp-block-excerpt\"><p>El SMN pronostica precipitaciones de 75 a 150 mil\u00edmetros, actividad el\u00e9ctrica, posible ca\u00edda de granizo y vientos de hasta 50&hellip;<\/p>\n<\/div><\/div><\/div><\/div><div class=\"ultp-block-item post-id-58992\"><div class=\"ultp-block-content-wrap\"><div class=\"ultp-block-entry-content\"><div class=\"ultp-block-entry-heading\"><div class=\"ultp-category-grid ultp-category-classic ultp-category-aboveTitle\"><div class=\"ultp-category-in\"><a class=\"ultp-cat-tabasco\" href=\"https:\/\/reporterosdelsur.org\/diario\/category\/tabasco\/\"  target=\"_blank\">Tabasco<\/a><\/div><\/div><h3 class=\"ultp-block-title \"><a href=\"https:\/\/reporterosdelsur.org\/diario\/2026\/09\/fgr-obtiene-dos-sentencias-y-vincula-a-proceso-a-tres-personas-por-delitos-relacionados-con-armas-en-tabasco\/\" target=\"_blank\">FGR obtiene dos sentencias y vincula a proceso a tres personas por delitos relacionados con armas en Tabasco<\/a><\/h3><div class=\"ultp-block-meta ultp-block-meta- ultp-block-meta-icon\"><span class=\"ultp-block-date ultp-block-meta-element\"><svg xmlns=\"http:\/\/www.w3.org\/2000\/svg\" fill=\"none\" viewBox=\"0 0 24 24\">\n  <path stroke=\"currentColor\" stroke-linecap=\"round\" stroke-linejoin=\"round\" stroke-width=\"1.5\" d=\"M3 5.5a2 2 0 0 1 2-2h14a2 2 0 0 1 2 2v14a2 2 0 0 1-2 2H5a2 2 0 0 1-2-2v-14ZM8 2v3m8-3v3M3 9h18\"\/>\n<\/svg>\nSep 4, 2026<\/span><\/div><\/div><div class=\"ultp-block-image ultp-block-image-none\"><a href=\"https:\/\/reporterosdelsur.org\/diario\/2026\/09\/fgr-obtiene-dos-sentencias-y-vincula-a-proceso-a-tres-personas-por-delitos-relacionados-con-armas-en-tabasco\/\" target=\"_blank\"><img decoding=\"async\"  alt=\"FGR obtiene dos sentencias y vincula a proceso a tres personas por delitos relacionados con armas en Tabasco\"  src=\"https:\/\/reporterosdelsur.org\/diario\/wp-content\/uploads\/2026\/09\/FGR.jpg\" \/><\/a><\/div><\/div><div class=\"ultp-block-content\"><div class=\"ultp-block-excerpt\"><p>Israel \u201cN\u201d recibi\u00f3 dos a\u00f1os y seis meses de prisi\u00f3n, mientras que Rogelio \u201cN\u201d fue condenado a cuatro a\u00f1os; en&hellip;<\/p>\n<\/div><\/div><\/div><\/div><div class=\"ultp-block-item post-id-58985\"><div class=\"ultp-block-content-wrap\"><div class=\"ultp-block-entry-content\"><div class=\"ultp-block-entry-heading\"><div class=\"ultp-category-grid ultp-category-classic ultp-category-aboveTitle\"><div class=\"ultp-category-in\"><a class=\"ultp-cat-tabasco\" href=\"https:\/\/reporterosdelsur.org\/diario\/category\/tabasco\/\"  target=\"_blank\">Tabasco<\/a><\/div><\/div><h3 class=\"ultp-block-title \"><a href=\"https:\/\/reporterosdelsur.org\/diario\/2026\/09\/concluye-con-exito-primer-dia-de-la-convencion-internacional-de-sostenibilidad-sos26\/\" target=\"_blank\">Concluye con \u00e9xito primer d\u00eda de la Convenci\u00f3n Internacional de Sostenibilidad SOS26<\/a><\/h3><div class=\"ultp-block-meta ultp-block-meta- ultp-block-meta-icon\"><span class=\"ultp-block-date ultp-block-meta-element\"><svg xmlns=\"http:\/\/www.w3.org\/2000\/svg\" fill=\"none\" viewBox=\"0 0 24 24\">\n  <path stroke=\"currentColor\" stroke-linecap=\"round\" stroke-linejoin=\"round\" stroke-width=\"1.5\" d=\"M3 5.5a2 2 0 0 1 2-2h14a2 2 0 0 1 2 2v14a2 2 0 0 1-2 2H5a2 2 0 0 1-2-2v-14ZM8 2v3m8-3v3M3 9h18\"\/>\n<\/svg>\nSep 4, 2026<\/span><\/div><\/div><div class=\"ultp-block-image ultp-block-image-none\"><a href=\"https:\/\/reporterosdelsur.org\/diario\/2026\/09\/concluye-con-exito-primer-dia-de-la-convencion-internacional-de-sostenibilidad-sos26\/\" target=\"_blank\"><img decoding=\"async\"  alt=\"Concluye con \u00e9xito primer d\u00eda de la Convenci\u00f3n Internacional de Sostenibilidad SOS26\"  src=\"https:\/\/reporterosdelsur.org\/diario\/wp-content\/uploads\/2026\/09\/SOS26-1-1-1035x425.jpeg\" \/><\/a><\/div><\/div><div class=\"ultp-block-content\"><div class=\"ultp-block-excerpt\"><p>Cerca de mil 500 asistentes participaron en la primera jornada del encuentro, que reuni\u00f3 a especialistas, acad\u00e9micos, estudiantes, autoridades y&hellip;<\/p>\n<\/div><\/div><\/div><\/div><\/div><\/div><div class=\"pagination-block-html\" aria-hidden=\"true\" style=\"display: none;\"><\/div><\/div><\/div>\n<\/div>\n<\/div>\n<\/div>\n<\/div>\n\n\n\n<hr class=\"wp-block-separator has-alpha-channel-opacity is-style-wide\" style=\"margin-top:var(--wp--preset--spacing--20);margin-bottom:var(--wp--preset--spacing--20)\"\/>\n\n\n\n<figure class=\"wp-block-image aligncenter size-full\"><a href=\"https:\/\/www.instagram.com\/p\/DaOVDOvCeuG\/?img_index=1\"><img loading=\"lazy\" decoding=\"async\" width=\"1200\" height=\"200\" src=\"https:\/\/reporterosdelsur.org\/diario\/wp-content\/uploads\/2026\/08\/VACUNACION-Y-ESTERILIZACION-2026-1200-X-200-PX.jpg\" alt=\"\" class=\"wp-image-56852\" srcset=\"https:\/\/reporterosdelsur.org\/diario\/wp-content\/uploads\/2026\/08\/VACUNACION-Y-ESTERILIZACION-2026-1200-X-200-PX.jpg 1200w, https:\/\/reporterosdelsur.org\/diario\/wp-content\/uploads\/2026\/08\/VACUNACION-Y-ESTERILIZACION-2026-1200-X-200-PX-300x50.jpg 300w, https:\/\/reporterosdelsur.org\/diario\/wp-content\/uploads\/2026\/08\/VACUNACION-Y-ESTERILIZACION-2026-1200-X-200-PX-1024x171.jpg 1024w, https:\/\/reporterosdelsur.org\/diario\/wp-content\/uploads\/2026\/08\/VACUNACION-Y-ESTERILIZACION-2026-1200-X-200-PX-768x128.jpg 768w, https:\/\/reporterosdelsur.org\/diario\/wp-content\/uploads\/2026\/08\/VACUNACION-Y-ESTERILIZACION-2026-1200-X-200-PX-465x78.jpg 465w, https:\/\/reporterosdelsur.org\/diario\/wp-content\/uploads\/2026\/08\/VACUNACION-Y-ESTERILIZACION-2026-1200-X-200-PX-695x116.jpg 695w\" sizes=\"auto, (max-width: 1200px) 100vw, 1200px\" \/><\/a><\/figure>\n\n\n\n<div class=\"wp-block-columns is-layout-flex wp-container-core-columns-is-layout-7387b849 wp-block-columns-is-layout-flex\">\n<div class=\"wp-block-column is-layout-flow wp-block-column-is-layout-flow\" style=\"flex-basis:100%\">\n<hr class=\"wp-block-separator has-alpha-channel-opacity is-style-wide\"\/>\n\n\n<div  class=\"ultp-post-grid-block wp-block-ultimate-post-post-grid-1 ultp-block-afad82  \"><div class=\"ultp-block-wrapper\" ><div class=\"ultp-loading\"><div class=\"ultp-loading-blocks\" style=\"width:100%;height:100%;\"><div style=\"left: 0;top: 0;animation-delay:0s;\"><\/div><div style=\"left: 21px;top: 0;animation-delay:0.125s;\"><\/div><div style=\"left: 42px;top: 0;animation-delay:0.25s;\"><\/div><div style=\"left: 0;top: 21px;animation-delay:0.875s;\"><\/div><div style=\"left: 42px;top: 21px;animation-delay:0.375s;\"><\/div><div style=\"left: 0;top: 42px;animation-delay:0.75s;\"><\/div><div style=\"left: 42px;top: 42px;animation-delay:0.625s;\"><\/div><div style=\"left: 21px;top: 42px;animation-delay:0.5s;\"><\/div><\/div><\/div><div class=\"ultp-block-items-wrap ultp-block-row ultp-pg1a-style1 ultp-grid1-responsive ultp-block-column-3 ultp-sm-column-2 ultp-xs-column-1 ultp-layout1\"><div class=\"ultp-block-item post-id-59033\"><div class=\"ultp-block-content-wrap\"><div class=\"ultp-block-image ultp-block-image-opacity\"><a href=\"https:\/\/reporterosdelsur.org\/diario\/2026\/09\/entregan-autobus-al-tecnologico-superior-de-los-rios-para-fortalecer-la-movilidad-estudiantil\/\" ><img decoding=\"async\"  class=\"ultp-block-image-content\"  alt=\"Entregan autob\u00fas al Tecnol\u00f3gico Superior de Los R\u00edos para fortalecer la movilidad estudiantil\"  src=\"https:\/\/reporterosdelsur.org\/diario\/wp-content\/uploads\/2026\/09\/Rios-1-870x570.jpeg\" \/><\/a><\/div><div class=\"ultp-block-content\"><div class=\"ultp-category-grid ultp-category-classic ultp-category-aboveTitle\"><div class=\"ultp-category-in\"><a class=\"ultp-cat-destacado\" href=\"https:\/\/reporterosdelsur.org\/diario\/category\/destacado\/\"  >Destacado<\/a><a class=\"ultp-cat-tabasco\" href=\"https:\/\/reporterosdelsur.org\/diario\/category\/tabasco\/\"  >Tabasco<\/a><\/div><\/div><h2 class=\"ultp-block-title \"><a href=\"https:\/\/reporterosdelsur.org\/diario\/2026\/09\/entregan-autobus-al-tecnologico-superior-de-los-rios-para-fortalecer-la-movilidad-estudiantil\/\" >Entregan autob\u00fas al Tecnol\u00f3gico Superior de Los R\u00edos para fortalecer la movilidad estudiantil<\/a><\/h2><div class=\"ultp-block-meta ultp-block-meta-dot ultp-block-meta-icon\"><span class=\"ultp-block-date ultp-block-meta-element\"><svg xmlns=\"http:\/\/www.w3.org\/2000\/svg\" fill=\"none\" viewBox=\"0 0 24 24\">\n  <path stroke=\"currentColor\" stroke-linecap=\"round\" stroke-linejoin=\"round\" stroke-width=\"1.5\" d=\"M3 5.5a2 2 0 0 1 2-2h14a2 2 0 0 1 2 2v14a2 2 0 0 1-2 2H5a2 2 0 0 1-2-2v-14ZM8 2v3m8-3v3M3 9h18\"\/>\n<\/svg>\nSep 4, 2026<\/span><\/div><\/div><\/div><\/div><div class=\"ultp-block-item post-id-59024\"><div class=\"ultp-block-content-wrap\"><div class=\"ultp-block-image ultp-block-image-opacity\"><a href=\"https:\/\/reporterosdelsur.org\/diario\/2026\/09\/tabasco-se-consolida-como-foro-petrolero-internacional-con-la-convencion-sos26\/\" ><img decoding=\"async\"  class=\"ultp-block-image-content\"  alt=\"Tabasco se consolida como foro petrolero internacional con la Convenci\u00f3n SOS26\"  src=\"https:\/\/reporterosdelsur.org\/diario\/wp-content\/uploads\/2026\/09\/Sos-5-870x570.jpeg\" \/><\/a><\/div><div class=\"ultp-block-content\"><div class=\"ultp-category-grid ultp-category-classic ultp-category-aboveTitle\"><div class=\"ultp-category-in\"><a class=\"ultp-cat-destacado\" href=\"https:\/\/reporterosdelsur.org\/diario\/category\/destacado\/\"  >Destacado<\/a><a class=\"ultp-cat-tabasco\" href=\"https:\/\/reporterosdelsur.org\/diario\/category\/tabasco\/\"  >Tabasco<\/a><\/div><\/div><h2 class=\"ultp-block-title \"><a href=\"https:\/\/reporterosdelsur.org\/diario\/2026\/09\/tabasco-se-consolida-como-foro-petrolero-internacional-con-la-convencion-sos26\/\" >Tabasco se consolida como foro petrolero internacional con la Convenci\u00f3n SOS26<\/a><\/h2><div class=\"ultp-block-meta ultp-block-meta-dot ultp-block-meta-icon\"><span class=\"ultp-block-date ultp-block-meta-element\"><svg xmlns=\"http:\/\/www.w3.org\/2000\/svg\" fill=\"none\" viewBox=\"0 0 24 24\">\n  <path stroke=\"currentColor\" stroke-linecap=\"round\" stroke-linejoin=\"round\" stroke-width=\"1.5\" d=\"M3 5.5a2 2 0 0 1 2-2h14a2 2 0 0 1 2 2v14a2 2 0 0 1-2 2H5a2 2 0 0 1-2-2v-14ZM8 2v3m8-3v3M3 9h18\"\/>\n<\/svg>\nSep 4, 2026<\/span><\/div><\/div><\/div><\/div><div class=\"ultp-block-item post-id-59018\"><div class=\"ultp-block-content-wrap\"><div class=\"ultp-block-image ultp-block-image-opacity\"><a href=\"https:\/\/reporterosdelsur.org\/diario\/2026\/09\/centro-estatal-de-hemoterapia-fortalece-tecnologia-para-garantizar-sangre-segura-en-tabasco\/\" ><img decoding=\"async\"  class=\"ultp-block-image-content\"  alt=\"Centro Estatal de Hemoterapia fortalece tecnolog\u00eda para garantizar sangre segura en Tabasco\"  src=\"https:\/\/reporterosdelsur.org\/diario\/wp-content\/uploads\/2026\/09\/Donacion-1-870x570.jpeg\" \/><\/a><\/div><div class=\"ultp-block-content\"><div class=\"ultp-category-grid ultp-category-classic ultp-category-aboveTitle\"><div class=\"ultp-category-in\"><a class=\"ultp-cat-tabasco\" href=\"https:\/\/reporterosdelsur.org\/diario\/category\/tabasco\/\"  >Tabasco<\/a><\/div><\/div><h2 class=\"ultp-block-title \"><a href=\"https:\/\/reporterosdelsur.org\/diario\/2026\/09\/centro-estatal-de-hemoterapia-fortalece-tecnologia-para-garantizar-sangre-segura-en-tabasco\/\" >Centro Estatal de Hemoterapia fortalece tecnolog\u00eda para garantizar sangre segura en Tabasco<\/a><\/h2><div class=\"ultp-block-meta ultp-block-meta-dot ultp-block-meta-icon\"><span class=\"ultp-block-date ultp-block-meta-element\"><svg xmlns=\"http:\/\/www.w3.org\/2000\/svg\" fill=\"none\" viewBox=\"0 0 24 24\">\n  <path stroke=\"currentColor\" stroke-linecap=\"round\" stroke-linejoin=\"round\" stroke-width=\"1.5\" d=\"M3 5.5a2 2 0 0 1 2-2h14a2 2 0 0 1 2 2v14a2 2 0 0 1-2 2H5a2 2 0 0 1-2-2v-14ZM8 2v3m8-3v3M3 9h18\"\/>\n<\/svg>\nSep 4, 2026<\/span><\/div><\/div><\/div><\/div><div class=\"ultp-block-item post-id-59008\"><div class=\"ultp-block-content-wrap\"><div class=\"ultp-block-image ultp-block-image-opacity\"><a href=\"https:\/\/reporterosdelsur.org\/diario\/2026\/09\/bloquean-carretera-villahermosa-frontera-por-falta-de-agua-en-la-zona-yokotan\/\" ><img decoding=\"async\"  class=\"ultp-block-image-content\"  alt=\"Bloquean carretera Villahermosa-Frontera por falta de agua en la zona Yokot\u2019an\"  src=\"https:\/\/reporterosdelsur.org\/diario\/wp-content\/uploads\/2026\/09\/Bloqueo-870x570.jpg\" \/><\/a><\/div><div class=\"ultp-block-content\"><div class=\"ultp-category-grid ultp-category-classic ultp-category-aboveTitle\"><div class=\"ultp-category-in\"><a class=\"ultp-cat-tabasco\" href=\"https:\/\/reporterosdelsur.org\/diario\/category\/tabasco\/\"  >Tabasco<\/a><\/div><\/div><h2 class=\"ultp-block-title \"><a href=\"https:\/\/reporterosdelsur.org\/diario\/2026\/09\/bloquean-carretera-villahermosa-frontera-por-falta-de-agua-en-la-zona-yokotan\/\" >Bloquean carretera Villahermosa-Frontera por falta de agua en la zona Yokot\u2019an<\/a><\/h2><div class=\"ultp-block-meta ultp-block-meta-dot ultp-block-meta-icon\"><span class=\"ultp-block-date ultp-block-meta-element\"><svg xmlns=\"http:\/\/www.w3.org\/2000\/svg\" fill=\"none\" viewBox=\"0 0 24 24\">\n  <path stroke=\"currentColor\" stroke-linecap=\"round\" stroke-linejoin=\"round\" stroke-width=\"1.5\" d=\"M3 5.5a2 2 0 0 1 2-2h14a2 2 0 0 1 2 2v14a2 2 0 0 1-2 2H5a2 2 0 0 1-2-2v-14ZM8 2v3m8-3v3M3 9h18\"\/>\n<\/svg>\nSep 4, 2026<\/span><\/div><\/div><\/div><\/div><div class=\"ultp-block-item post-id-58999\"><div class=\"ultp-block-content-wrap\"><div class=\"ultp-block-image ultp-block-image-opacity\"><a href=\"https:\/\/reporterosdelsur.org\/diario\/2026\/09\/andres-granier-revela-que-la-hermandad-policiaca-de-manuel-andrade-lo-amenazo-con-no-dejarlo-asumir-la-gubernatura\/\" ><img decoding=\"async\"  class=\"ultp-block-image-content\"  alt=\"Andr\u00e9s Granier revela que la &#8220;hermandad policiaca&#8221; de Manuel Andrade, lo amenaz\u00f3 con no dejarlo asumir la gubernatura&#8230;\"  src=\"https:\/\/reporterosdelsur.org\/diario\/wp-content\/uploads\/2026\/09\/PILLOS.jpeg\" \/><\/a><\/div><div class=\"ultp-block-content\"><div class=\"ultp-category-grid ultp-category-classic ultp-category-aboveTitle\"><div class=\"ultp-category-in\"><a class=\"ultp-cat-destacado\" href=\"https:\/\/reporterosdelsur.org\/diario\/category\/destacado\/\"  >Destacado<\/a><a class=\"ultp-cat-tabasco\" href=\"https:\/\/reporterosdelsur.org\/diario\/category\/tabasco\/\"  >Tabasco<\/a><\/div><\/div><h2 class=\"ultp-block-title \"><a href=\"https:\/\/reporterosdelsur.org\/diario\/2026\/09\/andres-granier-revela-que-la-hermandad-policiaca-de-manuel-andrade-lo-amenazo-con-no-dejarlo-asumir-la-gubernatura\/\" >Andr\u00e9s Granier revela que la &#8220;hermandad policiaca&#8221; de Manuel Andrade, lo amenaz\u00f3 con no dejarlo asumir la gubernatura&#8230;<\/a><\/h2><div class=\"ultp-block-meta ultp-block-meta-dot ultp-block-meta-icon\"><span class=\"ultp-block-date ultp-block-meta-element\"><svg xmlns=\"http:\/\/www.w3.org\/2000\/svg\" fill=\"none\" viewBox=\"0 0 24 24\">\n  <path stroke=\"currentColor\" stroke-linecap=\"round\" stroke-linejoin=\"round\" stroke-width=\"1.5\" d=\"M3 5.5a2 2 0 0 1 2-2h14a2 2 0 0 1 2 2v14a2 2 0 0 1-2 2H5a2 2 0 0 1-2-2v-14ZM8 2v3m8-3v3M3 9h18\"\/>\n<\/svg>\nSep 4, 2026<\/span><\/div><\/div><\/div><\/div><div class=\"ultp-block-item post-id-58995\"><div class=\"ultp-block-content-wrap\"><div class=\"ultp-block-image ultp-block-image-opacity\"><a href=\"https:\/\/reporterosdelsur.org\/diario\/2026\/09\/lluvias-intensas-y-temperaturas-de-hasta-40-c-se-esperan-este-viernes-en-tabasco\/\" ><img decoding=\"async\"  class=\"ultp-block-image-content\"  alt=\"Lluvias intensas y temperaturas de hasta 40 \u00b0C se esperan este viernes en Tabasco\"  src=\"https:\/\/reporterosdelsur.org\/diario\/wp-content\/uploads\/2026\/09\/Clima-3-870x567.jpg\" \/><\/a><\/div><div class=\"ultp-block-content\"><div class=\"ultp-category-grid ultp-category-classic ultp-category-aboveTitle\"><div class=\"ultp-category-in\"><a class=\"ultp-cat-tabasco\" href=\"https:\/\/reporterosdelsur.org\/diario\/category\/tabasco\/\"  >Tabasco<\/a><\/div><\/div><h2 class=\"ultp-block-title \"><a href=\"https:\/\/reporterosdelsur.org\/diario\/2026\/09\/lluvias-intensas-y-temperaturas-de-hasta-40-c-se-esperan-este-viernes-en-tabasco\/\" >Lluvias intensas y temperaturas de hasta 40 \u00b0C se esperan este viernes en Tabasco<\/a><\/h2><div class=\"ultp-block-meta ultp-block-meta-dot ultp-block-meta-icon\"><span class=\"ultp-block-date ultp-block-meta-element\"><svg xmlns=\"http:\/\/www.w3.org\/2000\/svg\" fill=\"none\" viewBox=\"0 0 24 24\">\n  <path stroke=\"currentColor\" stroke-linecap=\"round\" stroke-linejoin=\"round\" stroke-width=\"1.5\" d=\"M3 5.5a2 2 0 0 1 2-2h14a2 2 0 0 1 2 2v14a2 2 0 0 1-2 2H5a2 2 0 0 1-2-2v-14ZM8 2v3m8-3v3M3 9h18\"\/>\n<\/svg>\nSep 4, 2026<\/span><\/div><\/div><\/div><\/div><div class=\"ultp-block-item post-id-58992\"><div class=\"ultp-block-content-wrap\"><div class=\"ultp-block-image ultp-block-image-opacity\"><a href=\"https:\/\/reporterosdelsur.org\/diario\/2026\/09\/fgr-obtiene-dos-sentencias-y-vincula-a-proceso-a-tres-personas-por-delitos-relacionados-con-armas-en-tabasco\/\" ><img decoding=\"async\"  class=\"ultp-block-image-content\"  alt=\"FGR obtiene dos sentencias y vincula a proceso a tres personas por delitos relacionados con armas en Tabasco\"  src=\"https:\/\/reporterosdelsur.org\/diario\/wp-content\/uploads\/2026\/09\/FGR.jpg\" \/><\/a><\/div><div class=\"ultp-block-content\"><div class=\"ultp-category-grid ultp-category-classic ultp-category-aboveTitle\"><div class=\"ultp-category-in\"><a class=\"ultp-cat-tabasco\" href=\"https:\/\/reporterosdelsur.org\/diario\/category\/tabasco\/\"  >Tabasco<\/a><\/div><\/div><h2 class=\"ultp-block-title \"><a href=\"https:\/\/reporterosdelsur.org\/diario\/2026\/09\/fgr-obtiene-dos-sentencias-y-vincula-a-proceso-a-tres-personas-por-delitos-relacionados-con-armas-en-tabasco\/\" >FGR obtiene dos sentencias y vincula a proceso a tres personas por delitos relacionados con armas en Tabasco<\/a><\/h2><div class=\"ultp-block-meta ultp-block-meta-dot ultp-block-meta-icon\"><span class=\"ultp-block-date ultp-block-meta-element\"><svg xmlns=\"http:\/\/www.w3.org\/2000\/svg\" fill=\"none\" viewBox=\"0 0 24 24\">\n  <path stroke=\"currentColor\" stroke-linecap=\"round\" stroke-linejoin=\"round\" stroke-width=\"1.5\" d=\"M3 5.5a2 2 0 0 1 2-2h14a2 2 0 0 1 2 2v14a2 2 0 0 1-2 2H5a2 2 0 0 1-2-2v-14ZM8 2v3m8-3v3M3 9h18\"\/>\n<\/svg>\nSep 4, 2026<\/span><\/div><\/div><\/div><\/div><div class=\"ultp-block-item post-id-58985\"><div class=\"ultp-block-content-wrap\"><div class=\"ultp-block-image ultp-block-image-opacity\"><a href=\"https:\/\/reporterosdelsur.org\/diario\/2026\/09\/concluye-con-exito-primer-dia-de-la-convencion-internacional-de-sostenibilidad-sos26\/\" ><img decoding=\"async\"  class=\"ultp-block-image-content\"  alt=\"Concluye con \u00e9xito primer d\u00eda de la Convenci\u00f3n Internacional de Sostenibilidad SOS26\"  src=\"https:\/\/reporterosdelsur.org\/diario\/wp-content\/uploads\/2026\/09\/SOS26-1-1-870x570.jpeg\" \/><\/a><\/div><div class=\"ultp-block-content\"><div class=\"ultp-category-grid ultp-category-classic ultp-category-aboveTitle\"><div class=\"ultp-category-in\"><a class=\"ultp-cat-tabasco\" href=\"https:\/\/reporterosdelsur.org\/diario\/category\/tabasco\/\"  >Tabasco<\/a><\/div><\/div><h2 class=\"ultp-block-title \"><a href=\"https:\/\/reporterosdelsur.org\/diario\/2026\/09\/concluye-con-exito-primer-dia-de-la-convencion-internacional-de-sostenibilidad-sos26\/\" >Concluye con \u00e9xito primer d\u00eda de la Convenci\u00f3n Internacional de Sostenibilidad SOS26<\/a><\/h2><div class=\"ultp-block-meta ultp-block-meta-dot ultp-block-meta-icon\"><span class=\"ultp-block-date ultp-block-meta-element\"><svg xmlns=\"http:\/\/www.w3.org\/2000\/svg\" fill=\"none\" viewBox=\"0 0 24 24\">\n  <path stroke=\"currentColor\" stroke-linecap=\"round\" stroke-linejoin=\"round\" stroke-width=\"1.5\" d=\"M3 5.5a2 2 0 0 1 2-2h14a2 2 0 0 1 2 2v14a2 2 0 0 1-2 2H5a2 2 0 0 1-2-2v-14ZM8 2v3m8-3v3M3 9h18\"\/>\n<\/svg>\nSep 4, 2026<\/span><\/div><\/div><\/div><\/div><div class=\"ultp-block-item post-id-58982\"><div class=\"ultp-block-content-wrap\"><div class=\"ultp-block-image ultp-block-image-opacity\"><a href=\"https:\/\/reporterosdelsur.org\/diario\/2026\/09\/eu-y-mexico-van-por-el-dinero-de-los-carteles-para-desmantelar-sus-redes-financieras\/\" ><img decoding=\"async\"  class=\"ultp-block-image-content\"  alt=\"EU y M\u00e9xico van por el dinero de los c\u00e1rteles para desmantelar sus redes financieras\"  src=\"https:\/\/reporterosdelsur.org\/diario\/wp-content\/uploads\/2026\/09\/MX-1-870x570.jpg\" \/><\/a><\/div><div class=\"ultp-block-content\"><div class=\"ultp-category-grid ultp-category-classic ultp-category-aboveTitle\"><div class=\"ultp-category-in\"><a class=\"ultp-cat-mexico\" href=\"https:\/\/reporterosdelsur.org\/diario\/category\/mexico\/\"  >M\u00e9xico<\/a><\/div><\/div><h2 class=\"ultp-block-title \"><a href=\"https:\/\/reporterosdelsur.org\/diario\/2026\/09\/eu-y-mexico-van-por-el-dinero-de-los-carteles-para-desmantelar-sus-redes-financieras\/\" >EU y M\u00e9xico van por el dinero de los c\u00e1rteles para desmantelar sus redes financieras<\/a><\/h2><div class=\"ultp-block-meta ultp-block-meta-dot ultp-block-meta-icon\"><span class=\"ultp-block-date ultp-block-meta-element\"><svg xmlns=\"http:\/\/www.w3.org\/2000\/svg\" fill=\"none\" viewBox=\"0 0 24 24\">\n  <path stroke=\"currentColor\" stroke-linecap=\"round\" stroke-linejoin=\"round\" stroke-width=\"1.5\" d=\"M3 5.5a2 2 0 0 1 2-2h14a2 2 0 0 1 2 2v14a2 2 0 0 1-2 2H5a2 2 0 0 1-2-2v-14ZM8 2v3m8-3v3M3 9h18\"\/>\n<\/svg>\nSep 4, 2026<\/span><\/div><\/div><\/div><\/div><\/div><\/div><div class=\"pagination-block-html\" aria-hidden=\"true\" style=\"display: none;\"><\/div><\/div>\n\n<div  class=\"ultp-post-grid-block wp-block-ultimate-post-post-grid-1 ultp-block-869649  \"><div class=\"ultp-block-wrapper\" ><div class=\"ultp-loading\"><div class=\"ultp-loading-blocks\" style=\"width:100%;height:100%;\"><div style=\"left: 0;top: 0;animation-delay:0s;\"><\/div><div style=\"left: 21px;top: 0;animation-delay:0.125s;\"><\/div><div style=\"left: 42px;top: 0;animation-delay:0.25s;\"><\/div><div style=\"left: 0;top: 21px;animation-delay:0.875s;\"><\/div><div style=\"left: 42px;top: 21px;animation-delay:0.375s;\"><\/div><div style=\"left: 0;top: 42px;animation-delay:0.75s;\"><\/div><div style=\"left: 42px;top: 42px;animation-delay:0.625s;\"><\/div><div style=\"left: 21px;top: 42px;animation-delay:0.5s;\"><\/div><\/div><\/div><div class=\"ultp-block-items-wrap ultp-block-row ultp-pg1a-style1 ultp-grid1-responsive ultp-block-column-4 ultp-sm-column-2 ultp-xs-column-1 ultp-layout1\"><div class=\"ultp-block-item post-id-58982\"><div class=\"ultp-block-content-wrap\"><div class=\"ultp-block-image ultp-block-image-opacity\"><a href=\"https:\/\/reporterosdelsur.org\/diario\/2026\/09\/eu-y-mexico-van-por-el-dinero-de-los-carteles-para-desmantelar-sus-redes-financieras\/\" ><img decoding=\"async\"  class=\"ultp-block-image-content\"  alt=\"EU y M\u00e9xico van por el dinero de los c\u00e1rteles para desmantelar sus redes financieras\"  src=\"https:\/\/reporterosdelsur.org\/diario\/wp-content\/uploads\/2026\/09\/MX-1-870x570.jpg\" \/><\/a><\/div><div class=\"ultp-block-content\"><div class=\"ultp-category-grid ultp-category-classic ultp-category-aboveTitle\"><div class=\"ultp-category-in\"><a class=\"ultp-cat-mexico\" href=\"https:\/\/reporterosdelsur.org\/diario\/category\/mexico\/\"  >M\u00e9xico<\/a><\/div><\/div><h2 class=\"ultp-block-title \"><a href=\"https:\/\/reporterosdelsur.org\/diario\/2026\/09\/eu-y-mexico-van-por-el-dinero-de-los-carteles-para-desmantelar-sus-redes-financieras\/\" >EU y M\u00e9xico van por el dinero de los c\u00e1rteles para desmantelar sus redes financieras<\/a><\/h2><div class=\"ultp-block-meta ultp-block-meta-dot ultp-block-meta-icon\"><span class=\"ultp-block-date ultp-block-meta-element\"><svg xmlns=\"http:\/\/www.w3.org\/2000\/svg\" fill=\"none\" viewBox=\"0 0 24 24\">\n  <path stroke=\"currentColor\" stroke-linecap=\"round\" stroke-linejoin=\"round\" stroke-width=\"1.5\" d=\"M3 5.5a2 2 0 0 1 2-2h14a2 2 0 0 1 2 2v14a2 2 0 0 1-2 2H5a2 2 0 0 1-2-2v-14ZM8 2v3m8-3v3M3 9h18\"\/>\n<\/svg>\nSep 4, 2026<\/span><\/div><\/div><\/div><\/div><div class=\"ultp-block-item post-id-58979\"><div class=\"ultp-block-content-wrap\"><div class=\"ultp-block-image ultp-block-image-opacity\"><a href=\"https:\/\/reporterosdelsur.org\/diario\/2026\/09\/volkswagen-anuncia-recorte-de-50-mil-empleos-a-nivel-mundial-como-parte-de-su-plan-de-futuro-2030\/\" ><img decoding=\"async\"  class=\"ultp-block-image-content\"  alt=\"Volkswagen anuncia recorte de 50 mil empleos a nivel mundial como parte de su Plan de Futuro 2030\"  src=\"https:\/\/reporterosdelsur.org\/diario\/wp-content\/uploads\/2026\/09\/Automovil-870x570.jpg\" \/><\/a><\/div><div class=\"ultp-block-content\"><div class=\"ultp-category-grid ultp-category-classic ultp-category-aboveTitle\"><div class=\"ultp-category-in\"><a class=\"ultp-cat-mundo\" href=\"https:\/\/reporterosdelsur.org\/diario\/category\/mundo\/\"  >Mundo<\/a><\/div><\/div><h2 class=\"ultp-block-title \"><a href=\"https:\/\/reporterosdelsur.org\/diario\/2026\/09\/volkswagen-anuncia-recorte-de-50-mil-empleos-a-nivel-mundial-como-parte-de-su-plan-de-futuro-2030\/\" >Volkswagen anuncia recorte de 50 mil empleos a nivel mundial como parte de su Plan de Futuro 2030<\/a><\/h2><div class=\"ultp-block-meta ultp-block-meta-dot ultp-block-meta-icon\"><span class=\"ultp-block-date ultp-block-meta-element\"><svg xmlns=\"http:\/\/www.w3.org\/2000\/svg\" fill=\"none\" viewBox=\"0 0 24 24\">\n  <path stroke=\"currentColor\" stroke-linecap=\"round\" stroke-linejoin=\"round\" stroke-width=\"1.5\" d=\"M3 5.5a2 2 0 0 1 2-2h14a2 2 0 0 1 2 2v14a2 2 0 0 1-2 2H5a2 2 0 0 1-2-2v-14ZM8 2v3m8-3v3M3 9h18\"\/>\n<\/svg>\nSep 4, 2026<\/span><\/div><\/div><\/div><\/div><div class=\"ultp-block-item post-id-58976\"><div class=\"ultp-block-content-wrap\"><div class=\"ultp-block-image ultp-block-image-opacity\"><a href=\"https:\/\/reporterosdelsur.org\/diario\/2026\/09\/mexico-alcanza-record-de-exportaciones-a-eu-y-registra-superavit-de-26-mil-310-mdd\/\" ><img decoding=\"async\"  class=\"ultp-block-image-content\"  alt=\"M\u00e9xico alcanza r\u00e9cord de exportaciones a EU y registra super\u00e1vit de 26 mil 310 mdd\"  src=\"https:\/\/reporterosdelsur.org\/diario\/wp-content\/uploads\/2026\/09\/Economia-870x570.jpg\" \/><\/a><\/div><div class=\"ultp-block-content\"><div class=\"ultp-category-grid ultp-category-classic ultp-category-aboveTitle\"><div class=\"ultp-category-in\"><a class=\"ultp-cat-mexico\" href=\"https:\/\/reporterosdelsur.org\/diario\/category\/mexico\/\"  >M\u00e9xico<\/a><\/div><\/div><h2 class=\"ultp-block-title \"><a href=\"https:\/\/reporterosdelsur.org\/diario\/2026\/09\/mexico-alcanza-record-de-exportaciones-a-eu-y-registra-superavit-de-26-mil-310-mdd\/\" >M\u00e9xico alcanza r\u00e9cord de exportaciones a EU y registra super\u00e1vit de 26 mil 310 mdd<\/a><\/h2><div class=\"ultp-block-meta ultp-block-meta-dot ultp-block-meta-icon\"><span class=\"ultp-block-date ultp-block-meta-element\"><svg xmlns=\"http:\/\/www.w3.org\/2000\/svg\" fill=\"none\" viewBox=\"0 0 24 24\">\n  <path stroke=\"currentColor\" stroke-linecap=\"round\" stroke-linejoin=\"round\" stroke-width=\"1.5\" d=\"M3 5.5a2 2 0 0 1 2-2h14a2 2 0 0 1 2 2v14a2 2 0 0 1-2 2H5a2 2 0 0 1-2-2v-14ZM8 2v3m8-3v3M3 9h18\"\/>\n<\/svg>\nSep 4, 2026<\/span><\/div><\/div><\/div><\/div><div class=\"ultp-block-item post-id-58973\"><div class=\"ultp-block-content-wrap\"><div class=\"ultp-block-image ultp-block-image-opacity\"><a href=\"https:\/\/reporterosdelsur.org\/diario\/2026\/09\/paises-bajos-traslada-86-toneladas-de-oro-de-eu-y-canada-a-londres-por-riesgos-geopoliticos\/\" ><img decoding=\"async\"  class=\"ultp-block-image-content\"  alt=\"Pa\u00edses Bajos traslada 86 toneladas de oro de EU y Canad\u00e1 a Londres por riesgos geopol\u00edticos\"  src=\"https:\/\/reporterosdelsur.org\/diario\/wp-content\/uploads\/2026\/09\/Oro-870x570.jpg\" \/><\/a><\/div><div class=\"ultp-block-content\"><div class=\"ultp-category-grid ultp-category-classic ultp-category-aboveTitle\"><div class=\"ultp-category-in\"><a class=\"ultp-cat-mundo\" href=\"https:\/\/reporterosdelsur.org\/diario\/category\/mundo\/\"  >Mundo<\/a><\/div><\/div><h2 class=\"ultp-block-title \"><a href=\"https:\/\/reporterosdelsur.org\/diario\/2026\/09\/paises-bajos-traslada-86-toneladas-de-oro-de-eu-y-canada-a-londres-por-riesgos-geopoliticos\/\" >Pa\u00edses Bajos traslada 86 toneladas de oro de EU y Canad\u00e1 a Londres por riesgos geopol\u00edticos<\/a><\/h2><div class=\"ultp-block-meta ultp-block-meta-dot ultp-block-meta-icon\"><span class=\"ultp-block-date ultp-block-meta-element\"><svg xmlns=\"http:\/\/www.w3.org\/2000\/svg\" fill=\"none\" viewBox=\"0 0 24 24\">\n  <path stroke=\"currentColor\" stroke-linecap=\"round\" stroke-linejoin=\"round\" stroke-width=\"1.5\" d=\"M3 5.5a2 2 0 0 1 2-2h14a2 2 0 0 1 2 2v14a2 2 0 0 1-2 2H5a2 2 0 0 1-2-2v-14ZM8 2v3m8-3v3M3 9h18\"\/>\n<\/svg>\nSep 4, 2026<\/span><\/div><\/div><\/div><\/div><div class=\"ultp-block-item post-id-58970\"><div class=\"ultp-block-content-wrap\"><div class=\"ultp-block-image ultp-block-image-opacity\"><a href=\"https:\/\/reporterosdelsur.org\/diario\/2026\/09\/niegan-acuerdo-para-aumentar-ieps-a-cerveza-y-alimentos-con-alto-contenido-de-sodio\/\" ><img decoding=\"async\"  class=\"ultp-block-image-content\"  alt=\"Niegan acuerdo para aumentar IEPS a cerveza y alimentos con alto contenido de sodio\"  src=\"https:\/\/reporterosdelsur.org\/diario\/wp-content\/uploads\/2026\/09\/Sodio-870x540.jpg\" \/><\/a><\/div><div class=\"ultp-block-content\"><div class=\"ultp-category-grid ultp-category-classic ultp-category-aboveTitle\"><div class=\"ultp-category-in\"><a class=\"ultp-cat-mexico\" href=\"https:\/\/reporterosdelsur.org\/diario\/category\/mexico\/\"  >M\u00e9xico<\/a><\/div><\/div><h2 class=\"ultp-block-title \"><a href=\"https:\/\/reporterosdelsur.org\/diario\/2026\/09\/niegan-acuerdo-para-aumentar-ieps-a-cerveza-y-alimentos-con-alto-contenido-de-sodio\/\" >Niegan acuerdo para aumentar IEPS a cerveza y alimentos con alto contenido de sodio<\/a><\/h2><div class=\"ultp-block-meta ultp-block-meta-dot ultp-block-meta-icon\"><span class=\"ultp-block-date ultp-block-meta-element\"><svg xmlns=\"http:\/\/www.w3.org\/2000\/svg\" fill=\"none\" viewBox=\"0 0 24 24\">\n  <path stroke=\"currentColor\" stroke-linecap=\"round\" stroke-linejoin=\"round\" stroke-width=\"1.5\" d=\"M3 5.5a2 2 0 0 1 2-2h14a2 2 0 0 1 2 2v14a2 2 0 0 1-2 2H5a2 2 0 0 1-2-2v-14ZM8 2v3m8-3v3M3 9h18\"\/>\n<\/svg>\nSep 4, 2026<\/span><\/div><\/div><\/div><\/div><div class=\"ultp-block-item post-id-58967\"><div class=\"ultp-block-content-wrap\"><div class=\"ultp-block-image ultp-block-image-opacity\"><a href=\"https:\/\/reporterosdelsur.org\/diario\/2026\/09\/trump-pone-en-duda-apoyo-de-eu-al-reino-unido-ante-eventual-conflicto-por-las-malvinas\/\" ><img decoding=\"async\"  class=\"ultp-block-image-content\"  alt=\"Trump pone en duda apoyo de EU al Reino Unido ante eventual conflicto por las Malvinas\"  src=\"https:\/\/reporterosdelsur.org\/diario\/wp-content\/uploads\/2026\/09\/Malvinas-870x570.jpg\" \/><\/a><\/div><div class=\"ultp-block-content\"><div class=\"ultp-category-grid ultp-category-classic ultp-category-aboveTitle\"><div class=\"ultp-category-in\"><a class=\"ultp-cat-mundo\" href=\"https:\/\/reporterosdelsur.org\/diario\/category\/mundo\/\"  >Mundo<\/a><\/div><\/div><h2 class=\"ultp-block-title \"><a href=\"https:\/\/reporterosdelsur.org\/diario\/2026\/09\/trump-pone-en-duda-apoyo-de-eu-al-reino-unido-ante-eventual-conflicto-por-las-malvinas\/\" >Trump pone en duda apoyo de EU al Reino Unido ante eventual conflicto por las Malvinas<\/a><\/h2><div class=\"ultp-block-meta ultp-block-meta-dot ultp-block-meta-icon\"><span class=\"ultp-block-date ultp-block-meta-element\"><svg xmlns=\"http:\/\/www.w3.org\/2000\/svg\" fill=\"none\" viewBox=\"0 0 24 24\">\n  <path stroke=\"currentColor\" stroke-linecap=\"round\" stroke-linejoin=\"round\" stroke-width=\"1.5\" d=\"M3 5.5a2 2 0 0 1 2-2h14a2 2 0 0 1 2 2v14a2 2 0 0 1-2 2H5a2 2 0 0 1-2-2v-14ZM8 2v3m8-3v3M3 9h18\"\/>\n<\/svg>\nSep 4, 2026<\/span><\/div><\/div><\/div><\/div><div class=\"ultp-block-item post-id-58915\"><div class=\"ultp-block-content-wrap\"><div class=\"ultp-block-image ultp-block-image-opacity\"><a href=\"https:\/\/reporterosdelsur.org\/diario\/2026\/09\/entregan-mil-317-medios-de-cobro-de-jovenes-construyendo-el-futuro-en-tabasco\/\" ><img decoding=\"async\"  class=\"ultp-block-image-content\"  alt=\"Javier May entrega mil 317 medios de cobro de J\u00f3venes Construyendo el Futuro en Tabasco&#8230;\"  src=\"https:\/\/reporterosdelsur.org\/diario\/wp-content\/uploads\/2026\/09\/Jov-const-6-870x570.jpeg\" \/><\/a><\/div><div class=\"ultp-block-content\"><div class=\"ultp-category-grid ultp-category-classic ultp-category-aboveTitle\"><div class=\"ultp-category-in\"><a class=\"ultp-cat-destacado\" href=\"https:\/\/reporterosdelsur.org\/diario\/category\/destacado\/\"  >Destacado<\/a><a class=\"ultp-cat-tabasco\" href=\"https:\/\/reporterosdelsur.org\/diario\/category\/tabasco\/\"  >Tabasco<\/a><\/div><\/div><h2 class=\"ultp-block-title \"><a href=\"https:\/\/reporterosdelsur.org\/diario\/2026\/09\/entregan-mil-317-medios-de-cobro-de-jovenes-construyendo-el-futuro-en-tabasco\/\" >Javier May entrega mil 317 medios de cobro de J\u00f3venes Construyendo el Futuro en Tabasco&#8230;<\/a><\/h2><div class=\"ultp-block-meta ultp-block-meta-dot ultp-block-meta-icon\"><span class=\"ultp-block-date ultp-block-meta-element\"><svg xmlns=\"http:\/\/www.w3.org\/2000\/svg\" fill=\"none\" viewBox=\"0 0 24 24\">\n  <path stroke=\"currentColor\" stroke-linecap=\"round\" stroke-linejoin=\"round\" stroke-width=\"1.5\" d=\"M3 5.5a2 2 0 0 1 2-2h14a2 2 0 0 1 2 2v14a2 2 0 0 1-2 2H5a2 2 0 0 1-2-2v-14ZM8 2v3m8-3v3M3 9h18\"\/>\n<\/svg>\nSep 3, 2026<\/span><\/div><\/div><\/div><\/div><div class=\"ultp-block-item post-id-58898\"><div class=\"ultp-block-content-wrap\"><div class=\"ultp-block-image ultp-block-image-opacity\"><a href=\"https:\/\/reporterosdelsur.org\/diario\/2026\/09\/tabasco-fortalece-prevencion-de-desastres-con-ciencia-y-tecnologia-durante-ci-red-2026\/\" ><img decoding=\"async\"  class=\"ultp-block-image-content\"  alt=\"Tabasco fortalece prevenci\u00f3n de desastres con ciencia y tecnolog\u00eda durante CI-RED 2026&#8230;\"  src=\"https:\/\/reporterosdelsur.org\/diario\/wp-content\/uploads\/2026\/09\/Congreso-1-870x570.jpeg\" \/><\/a><\/div><div class=\"ultp-block-content\"><div class=\"ultp-category-grid ultp-category-classic ultp-category-aboveTitle\"><div class=\"ultp-category-in\"><a class=\"ultp-cat-destacado\" href=\"https:\/\/reporterosdelsur.org\/diario\/category\/destacado\/\"  >Destacado<\/a><a class=\"ultp-cat-tabasco\" href=\"https:\/\/reporterosdelsur.org\/diario\/category\/tabasco\/\"  >Tabasco<\/a><\/div><\/div><h2 class=\"ultp-block-title \"><a href=\"https:\/\/reporterosdelsur.org\/diario\/2026\/09\/tabasco-fortalece-prevencion-de-desastres-con-ciencia-y-tecnologia-durante-ci-red-2026\/\" >Tabasco fortalece prevenci\u00f3n de desastres con ciencia y tecnolog\u00eda durante CI-RED 2026&#8230;<\/a><\/h2><div class=\"ultp-block-meta ultp-block-meta-dot ultp-block-meta-icon\"><span class=\"ultp-block-date ultp-block-meta-element\"><svg xmlns=\"http:\/\/www.w3.org\/2000\/svg\" fill=\"none\" viewBox=\"0 0 24 24\">\n  <path stroke=\"currentColor\" stroke-linecap=\"round\" stroke-linejoin=\"round\" stroke-width=\"1.5\" d=\"M3 5.5a2 2 0 0 1 2-2h14a2 2 0 0 1 2 2v14a2 2 0 0 1-2 2H5a2 2 0 0 1-2-2v-14ZM8 2v3m8-3v3M3 9h18\"\/>\n<\/svg>\nSep 3, 2026<\/span><\/div><\/div><\/div><\/div><\/div><\/div><div class=\"pagination-block-html\" aria-hidden=\"true\" style=\"display: none;\"><\/div><\/div>\n\n\n<figure class=\"wp-block-image aligncenter size-full\"><a href=\"https:\/\/www.facebook.com\/photo.php?fbid=1428741165955336&amp;set=pb.100064583983923.-2207520000&amp;type=3\"><img loading=\"lazy\" decoding=\"async\" width=\"1200\" height=\"200\" src=\"https:\/\/reporterosdelsur.org\/diario\/wp-content\/uploads\/2026\/08\/REFRESCATE-CHOCO.jpg\" alt=\"\" class=\"wp-image-56853\" srcset=\"https:\/\/reporterosdelsur.org\/diario\/wp-content\/uploads\/2026\/08\/REFRESCATE-CHOCO.jpg 1200w, https:\/\/reporterosdelsur.org\/diario\/wp-content\/uploads\/2026\/08\/REFRESCATE-CHOCO-300x50.jpg 300w, https:\/\/reporterosdelsur.org\/diario\/wp-content\/uploads\/2026\/08\/REFRESCATE-CHOCO-1024x171.jpg 1024w, https:\/\/reporterosdelsur.org\/diario\/wp-content\/uploads\/2026\/08\/REFRESCATE-CHOCO-768x128.jpg 768w, https:\/\/reporterosdelsur.org\/diario\/wp-content\/uploads\/2026\/08\/REFRESCATE-CHOCO-465x78.jpg 465w, https:\/\/reporterosdelsur.org\/diario\/wp-content\/uploads\/2026\/08\/REFRESCATE-CHOCO-695x116.jpg 695w\" sizes=\"auto, (max-width: 1200px) 100vw, 1200px\" \/><\/a><\/figure>\n<\/div>\n<\/div>\n\n\n\n<hr class=\"wp-block-separator has-alpha-channel-opacity is-style-wide\"\/>\n\n\n\n<div class=\"wp-block-columns is-layout-flex wp-container-core-columns-is-layout-7387b849 wp-block-columns-is-layout-flex\">\n<div class=\"wp-block-column is-layout-flow wp-block-column-is-layout-flow\" style=\"flex-basis:33%\">\n<figure class=\"wp-block-image size-large\"><img loading=\"lazy\" decoding=\"async\" width=\"921\" height=\"1024\" src=\"https:\/\/reporterosdelsur.org\/diario\/wp-content\/uploads\/2026\/08\/Banners-cero-impunidad_450x500-921x1024.png\" alt=\"\" class=\"wp-image-56863\" srcset=\"https:\/\/reporterosdelsur.org\/diario\/wp-content\/uploads\/2026\/08\/Banners-cero-impunidad_450x500-921x1024.png 921w, https:\/\/reporterosdelsur.org\/diario\/wp-content\/uploads\/2026\/08\/Banners-cero-impunidad_450x500-270x300.png 270w, https:\/\/reporterosdelsur.org\/diario\/wp-content\/uploads\/2026\/08\/Banners-cero-impunidad_450x500-768x854.png 768w, https:\/\/reporterosdelsur.org\/diario\/wp-content\/uploads\/2026\/08\/Banners-cero-impunidad_450x500-1382x1536.png 1382w, https:\/\/reporterosdelsur.org\/diario\/wp-content\/uploads\/2026\/08\/Banners-cero-impunidad_450x500-1843x2048.png 1843w, https:\/\/reporterosdelsur.org\/diario\/wp-content\/uploads\/2026\/08\/Banners-cero-impunidad_450x500-465x517.png 465w, https:\/\/reporterosdelsur.org\/diario\/wp-content\/uploads\/2026\/08\/Banners-cero-impunidad_450x500-450x500.png 450w, https:\/\/reporterosdelsur.org\/diario\/wp-content\/uploads\/2026\/08\/Banners-cero-impunidad_450x500.png 1875w\" sizes=\"auto, (max-width: 921px) 100vw, 921px\" \/><\/figure>\n<\/div>\n\n\n\n<div class=\"wp-block-column is-layout-flow wp-block-column-is-layout-flow\" style=\"flex-basis:33%\">\n<figure class=\"wp-block-image size-large\"><img loading=\"lazy\" decoding=\"async\" width=\"922\" height=\"1024\" src=\"https:\/\/reporterosdelsur.org\/diario\/wp-content\/uploads\/2026\/08\/BANNERS-SOS450x500-922x1024.png\" alt=\"\" class=\"wp-image-56867\" srcset=\"https:\/\/reporterosdelsur.org\/diario\/wp-content\/uploads\/2026\/08\/BANNERS-SOS450x500-922x1024.png 922w, https:\/\/reporterosdelsur.org\/diario\/wp-content\/uploads\/2026\/08\/BANNERS-SOS450x500-270x300.png 270w, https:\/\/reporterosdelsur.org\/diario\/wp-content\/uploads\/2026\/08\/BANNERS-SOS450x500-768x853.png 768w, https:\/\/reporterosdelsur.org\/diario\/wp-content\/uploads\/2026\/08\/BANNERS-SOS450x500-465x516.png 465w, https:\/\/reporterosdelsur.org\/diario\/wp-content\/uploads\/2026\/08\/BANNERS-SOS450x500-450x500.png 450w, https:\/\/reporterosdelsur.org\/diario\/wp-content\/uploads\/2026\/08\/BANNERS-SOS450x500.png 1251w\" sizes=\"auto, (max-width: 922px) 100vw, 922px\" \/><\/figure>\n<\/div>\n\n\n\n<div class=\"wp-block-column is-layout-flow wp-block-column-is-layout-flow\" style=\"flex-basis:33%\">\n<figure class=\"wp-block-image size-full\"><img loading=\"lazy\" decoding=\"async\" width=\"450\" height=\"500\" src=\"https:\/\/reporterosdelsur.org\/diario\/wp-content\/uploads\/2026\/08\/DENGUE-2026-450-X-500-PX-VERSION-2.jpg\" alt=\"\" class=\"wp-image-56868\" srcset=\"https:\/\/reporterosdelsur.org\/diario\/wp-content\/uploads\/2026\/08\/DENGUE-2026-450-X-500-PX-VERSION-2.jpg 450w, https:\/\/reporterosdelsur.org\/diario\/wp-content\/uploads\/2026\/08\/DENGUE-2026-450-X-500-PX-VERSION-2-270x300.jpg 270w\" sizes=\"auto, (max-width: 450px) 100vw, 450px\" \/><\/figure>\n<\/div>\n<\/div>\n\n\n\n<hr class=\"wp-block-separator has-alpha-channel-opacity is-style-wide\"\/>\n\n\n\n<div class=\"wp-block-columns is-layout-flex wp-container-core-columns-is-layout-7387b849 wp-block-columns-is-layout-flex\">\n<div class=\"wp-block-column is-layout-flow wp-block-column-is-layout-flow\" style=\"flex-basis:66.66%\"><\/div>\n\n\n\n<div class=\"wp-block-column is-layout-flow wp-block-column-is-layout-flow\"><\/div>\n\n\n\n<div class=\"wp-block-column is-layout-flow wp-block-column-is-layout-flow\"><\/div>\n\n\n\n<div class=\"wp-block-column is-layout-flow wp-block-column-is-layout-flow\" style=\"flex-basis:33.33%\">\n<hr class=\"wp-block-separator has-alpha-channel-opacity\"\/>\n<\/div>\n<\/div>\n\n\n<div  class=\"ultp-post-grid-block wp-block-ultimate-post-post-grid-2 ultp-block-6976a9 \"><div class=\"ultp-block-wrapper\" ><div class=\"ultp-loading\"><div class=\"ultp-loading-blocks\" style=\"width:100%;height:100%;\"><div style=\"left: 0;top: 0;animation-delay:0s;\"><\/div><div style=\"left: 21px;top: 0;animation-delay:0.125s;\"><\/div><div style=\"left: 42px;top: 0;animation-delay:0.25s;\"><\/div><div style=\"left: 0;top: 21px;animation-delay:0.875s;\"><\/div><div style=\"left: 42px;top: 21px;animation-delay:0.375s;\"><\/div><div style=\"left: 0;top: 42px;animation-delay:0.75s;\"><\/div><div style=\"left: 42px;top: 42px;animation-delay:0.625s;\"><\/div><div style=\"left: 21px;top: 42px;animation-delay:0.5s;\"><\/div><\/div><\/div><div class=\"ultp-block-items-wrap ultp-block-row\"><div class=\"ultp-block-item post-id-51902\"><div class=\"ultp-block-content-wrap ultp-block-content-overlay\"><div class=\"ultp-block-image ultp-block-image-zoomOut ultp-block-image-overlay ultp-block-image-simgleGradient\"><a href=\"https:\/\/reporterosdelsur.org\/diario\/2026\/06\/inversion-privada-de-3-mil-660-mdp-impulsara-nueva-etapa-de-desarrollo-urbano-en-villahermosa\/\" ><img decoding=\"async\"  alt=\"IP de Tabasco anuncia hist\u00f3rica inversi\u00f3n de 3, 660 mdp en tres proyectos de vivienda, salud y comercio, alineados al Plan Villahermosa 2030&#8230;\"  src=\"https:\/\/reporterosdelsur.org\/diario\/wp-content\/uploads\/2026\/06\/tom111201-870x570.jpg\" \/><\/a><\/div><div class=\"ultp-block-content ultp-block-content-bottomPosition\"><div class=\"ultp-block-content-inner\"><h3 class=\"ultp-block-title \"><a href=\"https:\/\/reporterosdelsur.org\/diario\/2026\/06\/inversion-privada-de-3-mil-660-mdp-impulsara-nueva-etapa-de-desarrollo-urbano-en-villahermosa\/\" >IP de Tabasco anuncia hist\u00f3rica inversi\u00f3n de 3, 660 mdp en tres proyectos de vivienda, salud y comercio, alineados al Plan Villahermosa 2030&#8230;<\/a><\/h3><\/div><\/div><\/div><\/div><div class=\"ultp-block-item post-id-51749\"><div class=\"ultp-block-content-wrap ultp-block-content-overlay\"><div class=\"ultp-block-image ultp-block-image-zoomOut ultp-block-image-overlay ultp-block-image-simgleGradient\"><a href=\"https:\/\/reporterosdelsur.org\/diario\/2026\/06\/manuel-andrade-jefe-del-grupo-criminal-la-hermandad-policiaca-pide-a-trump-invadir-mexico\/\" ><img decoding=\"async\"  alt=\"Manuel Andrade: Jefe del grupo criminal la &#8220;hermandad policiaca&#8221;, pide a Trump invadir M\u00e9xico&#8230;\"  src=\"https:\/\/reporterosdelsur.org\/diario\/wp-content\/uploads\/2026\/06\/mad-1111-870x570.jpeg\" \/><\/a><\/div><div class=\"ultp-block-content ultp-block-content-bottomPosition\"><div class=\"ultp-block-content-inner\"><h3 class=\"ultp-block-title \"><a href=\"https:\/\/reporterosdelsur.org\/diario\/2026\/06\/manuel-andrade-jefe-del-grupo-criminal-la-hermandad-policiaca-pide-a-trump-invadir-mexico\/\" >Manuel Andrade: Jefe del grupo criminal la &#8220;hermandad policiaca&#8221;, pide a Trump invadir M\u00e9xico&#8230;<\/a><\/h3><\/div><\/div><\/div><\/div><div class=\"ultp-block-item post-id-46746\"><div class=\"ultp-block-content-wrap ultp-block-content-overlay\"><div class=\"ultp-block-image ultp-block-image-zoomOut ultp-block-image-overlay ultp-block-image-simgleGradient\"><a href=\"https:\/\/reporterosdelsur.org\/diario\/2026\/06\/madrazo-andrade-adan-augusto-y-capi-merino-jefes-del-jefe-de-la-barredora\/\" ><img decoding=\"async\"  alt=\"Madrazo, Andrade, Ad\u00e1n Augusto y &#8220;Capi&#8221; Merino&#8230;\"  src=\"https:\/\/reporterosdelsur.org\/diario\/wp-content\/uploads\/2026\/06\/JEFES-DEL-FEGE-scaled.jpg\" \/><\/a><\/div><div class=\"ultp-block-content ultp-block-content-bottomPosition\"><div class=\"ultp-block-content-inner\"><h3 class=\"ultp-block-title \"><a href=\"https:\/\/reporterosdelsur.org\/diario\/2026\/06\/madrazo-andrade-adan-augusto-y-capi-merino-jefes-del-jefe-de-la-barredora\/\" >Madrazo, Andrade, Ad\u00e1n Augusto y &#8220;Capi&#8221; Merino&#8230;<\/a><\/h3><\/div><\/div><\/div><\/div><\/div><\/div><div class=\"pagination-block-html\" aria-hidden=\"true\" style=\"display: none;\"><\/div><\/div>\n\n\n<p class=\"wp-block-paragraph\"><\/p>\n","protected":false},"excerpt":{"rendered":"<p><span class=\"more-link theme-more-link\"><a href=\"https:\/\/reporterosdelsur.org\/diario\/\">Leer Nota Complete<\/a><\/span><\/p>\n","protected":false},"author":1,"featured_media":0,"parent":0,"menu_order":0,"comment_status":"closed","ping_status":"closed","template":"","meta":{"footnotes":""},"class_list":["entry","author-guza0892gmail-com","post-37","page","type-page","status-publish"],"_links":{"self":[{"href":"https:\/\/reporterosdelsur.org\/diario\/wp-json\/wp\/v2\/pages\/37","targetHints":{"allow":["GET"]}}],"collection":[{"href":"https:\/\/reporterosdelsur.org\/diario\/wp-json\/wp\/v2\/pages"}],"about":[{"href":"https:\/\/reporterosdelsur.org\/diario\/wp-json\/wp\/v2\/types\/page"}],"author":[{"embeddable":true,"href":"https:\/\/reporterosdelsur.org\/diario\/wp-json\/wp\/v2\/users\/1"}],"replies":[{"embeddable":true,"href":"https:\/\/reporterosdelsur.org\/diario\/wp-json\/wp\/v2\/comments?post=37"}],"version-history":[{"count":645,"href":"https:\/\/reporterosdelsur.org\/diario\/wp-json\/wp\/v2\/pages\/37\/revisions"}],"predecessor-version":[{"id":57359,"href":"https:\/\/reporterosdelsur.org\/diario\/wp-json\/wp\/v2\/pages\/37\/revisions\/57359"}],"wp:attachment":[{"href":"https:\/\/reporterosdelsur.org\/diario\/wp-json\/wp\/v2\/media?parent=37"}],"curies":[{"name":"wp","href":"https:\/\/api.w.org\/{rel}","templated":true}]}}